{"id":6333,"date":"2025-03-24T11:24:06","date_gmt":"2025-03-24T10:24:06","guid":{"rendered":"https:\/\/ivantorres.es\/?page_id=6333"},"modified":"2026-03-16T14:48:27","modified_gmt":"2026-03-16T13:48:27","slug":"sobre-nosotros","status":"publish","type":"page","link":"https:\/\/ivantorres.es\/en\/sobre-nosotros\/","title":{"rendered":"About us"},"content":{"rendered":"<div data-elementor-type=\"wp-page\" data-elementor-id=\"6333\" class=\"elementor elementor-6333\">\n\t\t\t\t<div class=\"elementor-element elementor-element-74d28ba e-flex e-con-boxed e-con e-parent\" data-id=\"74d28ba\" data-element_type=\"container\" data-e-type=\"container\">\n\t\t\t\t\t<div class=\"e-con-inner\">\n\t\t\t\t<div class=\"elementor-element elementor-element-3dd4577 elementor-widget elementor-widget-text-editor\" data-id=\"3dd4577\" data-element_type=\"widget\" data-e-type=\"widget\" data-widget_type=\"text-editor.default\">\n\t\t\t\t<div class=\"elementor-widget-container\">\n\t\t\t\t\t\t\t\t\t<p>Iv\u00e1n Torres Arquitectos is a studio specializing in contemporary architecture in Ibiza, creating exclusive spaces that integrate design, technology, and sustainability. Each project responds to the unique characteristics of the environment and the clients' vision, establishing a harmonious dialogue between interior and exterior.<\/p><p>With a focus on excellence and innovation, the studio combines noble materials, technical precision, and a profound respect for nature, offering unique solutions that transcend the conventional.<\/p><p>The Iv\u00e1n Torres Arquitectos team works collaboratively, offering personalized services ranging from conceptual design to construction supervision, ensuring that each project reflects the identity and goals of our clients, those who will live in or use it.<\/p><p>Our experience and passion for architecture allow us to offer unique solutions that integrate innovation, functionality, and aesthetics, adapting to different types of projects, whether residential, commercial, hotel, urban planning, landscaping, public spaces, or institutional.<\/p>\t\t\t\t\t\t\t\t<\/div>\n\t\t\t\t<\/div>\n\t\t\t\t\t<\/div>\n\t\t\t\t<\/div>\n\t\t<div class=\"elementor-element elementor-element-fa0402f animated-slow e-flex e-con-boxed elementor-invisible e-con e-parent\" data-id=\"fa0402f\" data-element_type=\"container\" data-e-type=\"container\" data-settings=\"{&quot;animation&quot;:&quot;h-neuron-animation--slideUp&quot;}\">\n\t\t\t\t\t<div class=\"e-con-inner\">\n\t\t\t\t<div class=\"elementor-element elementor-element-b0942d1 elementor-invisible elementor-widget elementor-widget-heading\" data-id=\"b0942d1\" data-element_type=\"widget\" data-e-type=\"widget\" data-settings=\"{&quot;_animation&quot;:&quot;h-neuron-animation--slideUp&quot;}\" data-widget_type=\"heading.default\">\n\t\t\t\t<div class=\"elementor-widget-container\">\n\t\t\t\t\t<h4 class=\"elementor-heading-title elementor-size-default\">The team<\/h4>\t\t\t\t<\/div>\n\t\t\t\t<\/div>\n\t\t<div class=\"elementor-element elementor-element-ad393da e-grid e-con-full e-con e-child\" data-id=\"ad393da\" data-element_type=\"container\" data-e-type=\"container\">\n\t\t\t\t<div class=\"elementor-element elementor-element-bb7a2ab elementor-widget elementor-widget-qi_addons_for_elementor_team_member\" data-id=\"bb7a2ab\" data-element_type=\"widget\" data-e-type=\"widget\" data-widget_type=\"qi_addons_for_elementor_team_member.default\">\n\t\t\t\t<div class=\"elementor-widget-container\">\n\t\t\t\t\t<div class=\"qodef-shortcode qodef-m qodef-qi-team-member qodef-item-layout--info-below\">\n\t<div class=\"qodef-m-inner\">\n\t\t<div class=\"qodef-m-image\">\n\t\t\t\t<div class=\"qodef-m-media-image\">\n\t\t<img fetchpriority=\"high\" decoding=\"async\" width=\"1043\" height=\"1043\" src=\"https:\/\/ivantorres.es\/wp-content\/uploads\/2025\/04\/ivan-torres-equipo-12.jpg\" class=\"attachment-full size-full\" alt=\"\" srcset=\"https:\/\/ivantorres.es\/wp-content\/uploads\/2025\/04\/ivan-torres-equipo-12.jpg 1043w, https:\/\/ivantorres.es\/wp-content\/uploads\/2025\/04\/ivan-torres-equipo-12-300x300.jpg 300w, https:\/\/ivantorres.es\/wp-content\/uploads\/2025\/04\/ivan-torres-equipo-12-1024x1024.jpg 1024w, https:\/\/ivantorres.es\/wp-content\/uploads\/2025\/04\/ivan-torres-equipo-12-150x150.jpg 150w, https:\/\/ivantorres.es\/wp-content\/uploads\/2025\/04\/ivan-torres-equipo-12-768x768.jpg 768w, https:\/\/ivantorres.es\/wp-content\/uploads\/2025\/04\/ivan-torres-equipo-12-650x650.jpg 650w\" sizes=\"(max-width: 1043px) 100vw, 1043px\" \/>\t<\/div>\n\t\t<\/div>\n\t\t<div class=\"qodef-m-content\">\n\t\t\t\t<h5 itemprop=\"name\" class=\"qodef-m-title\">\n\t\tIv\u00e1n Torres\t<\/h5>\n\t\t\t\t\t<p class=\"qodef-m-role\">Principal Architect<\/p>\n\t\t\t\t<div class=\"qodef-m-social-icons\">\n\t\t\t\t\t\t<span class=\"qodef-e-social-icon\">\n\t\t\t\t\t\t\t\t\t<\/span>\n\t\t\t\t\t<\/div>\n\t\t<\/div>\n\t<\/div>\n<\/div>\n\t\t\t\t<\/div>\n\t\t\t\t<\/div>\n\t\t\t\t<div class=\"elementor-element elementor-element-003abc7 elementor-widget elementor-widget-qi_addons_for_elementor_team_member\" data-id=\"003abc7\" data-element_type=\"widget\" data-e-type=\"widget\" data-widget_type=\"qi_addons_for_elementor_team_member.default\">\n\t\t\t\t<div class=\"elementor-widget-container\">\n\t\t\t\t\t<div class=\"qodef-shortcode qodef-m qodef-qi-team-member qodef-item-layout--info-below\">\n\t<div class=\"qodef-m-inner\">\n\t\t<div class=\"qodef-m-image\">\n\t\t\t\t<div class=\"qodef-m-media-image\">\n\t\t<img decoding=\"async\" width=\"1148\" height=\"1148\" data-src=\"https:\/\/ivantorres.es\/wp-content\/uploads\/2025\/04\/ivan-torres-equipo-43.jpg\" class=\"attachment-full size-full lazyload\" alt=\"\" data-srcset=\"https:\/\/ivantorres.es\/wp-content\/uploads\/2025\/04\/ivan-torres-equipo-43.jpg 1148w, https:\/\/ivantorres.es\/wp-content\/uploads\/2025\/04\/ivan-torres-equipo-43-300x300.jpg 300w, https:\/\/ivantorres.es\/wp-content\/uploads\/2025\/04\/ivan-torres-equipo-43-1024x1024.jpg 1024w, https:\/\/ivantorres.es\/wp-content\/uploads\/2025\/04\/ivan-torres-equipo-43-150x150.jpg 150w, https:\/\/ivantorres.es\/wp-content\/uploads\/2025\/04\/ivan-torres-equipo-43-768x768.jpg 768w, https:\/\/ivantorres.es\/wp-content\/uploads\/2025\/04\/ivan-torres-equipo-43-650x650.jpg 650w\" data-sizes=\"(max-width: 1148px) 100vw, 1148px\" src=\"data:image\/svg+xml;base64,PHN2ZyB3aWR0aD0iMSIgaGVpZ2h0PSIxIiB4bWxucz0iaHR0cDovL3d3dy53My5vcmcvMjAwMC9zdmciPjwvc3ZnPg==\" style=\"--smush-placeholder-width: 1148px; --smush-placeholder-aspect-ratio: 1148\/1148;\" \/>\t<\/div>\n\t\t<\/div>\n\t\t<div class=\"qodef-m-content\">\n\t\t\t\t<h5 itemprop=\"name\" class=\"qodef-m-title\">\n\t\tMarta Osl\u00e9\t<\/h5>\n\t\t\t\t\t<p class=\"qodef-m-role\">Senior Architect<\/p>\n\t\t\t\t<div class=\"qodef-m-social-icons\">\n\t\t\t\t\t\t<span class=\"qodef-e-social-icon\">\n\t\t\t\t\t\t\t\t\t<\/span>\n\t\t\t\t\t<\/div>\n\t\t<\/div>\n\t<\/div>\n<\/div>\n\t\t\t\t<\/div>\n\t\t\t\t<\/div>\n\t\t\t\t<div class=\"elementor-element elementor-element-a1581fd elementor-widget elementor-widget-qi_addons_for_elementor_team_member\" data-id=\"a1581fd\" data-element_type=\"widget\" data-e-type=\"widget\" data-widget_type=\"qi_addons_for_elementor_team_member.default\">\n\t\t\t\t<div class=\"elementor-widget-container\">\n\t\t\t\t\t<div class=\"qodef-shortcode qodef-m qodef-qi-team-member qodef-item-layout--info-below\">\n\t<div class=\"qodef-m-inner\">\n\t\t<div class=\"qodef-m-image\">\n\t\t\t\t<div class=\"qodef-m-media-image\">\n\t\t<img decoding=\"async\" width=\"1365\" height=\"1365\" data-src=\"https:\/\/ivantorres.es\/wp-content\/uploads\/2025\/09\/ivan-torres-equipo-58.jpg\" class=\"attachment-full size-full lazyload\" alt=\"\" data-srcset=\"https:\/\/ivantorres.es\/wp-content\/uploads\/2025\/09\/ivan-torres-equipo-58.jpg 1365w, https:\/\/ivantorres.es\/wp-content\/uploads\/2025\/09\/ivan-torres-equipo-58-300x300.jpg 300w, https:\/\/ivantorres.es\/wp-content\/uploads\/2025\/09\/ivan-torres-equipo-58-1024x1024.jpg 1024w, https:\/\/ivantorres.es\/wp-content\/uploads\/2025\/09\/ivan-torres-equipo-58-150x150.jpg 150w, https:\/\/ivantorres.es\/wp-content\/uploads\/2025\/09\/ivan-torres-equipo-58-768x768.jpg 768w, https:\/\/ivantorres.es\/wp-content\/uploads\/2025\/09\/ivan-torres-equipo-58-12x12.jpg 12w, https:\/\/ivantorres.es\/wp-content\/uploads\/2025\/09\/ivan-torres-equipo-58-650x650.jpg 650w, https:\/\/ivantorres.es\/wp-content\/uploads\/2025\/09\/ivan-torres-equipo-58-1300x1300.jpg 1300w\" data-sizes=\"(max-width: 1365px) 100vw, 1365px\" src=\"data:image\/svg+xml;base64,PHN2ZyB3aWR0aD0iMSIgaGVpZ2h0PSIxIiB4bWxucz0iaHR0cDovL3d3dy53My5vcmcvMjAwMC9zdmciPjwvc3ZnPg==\" style=\"--smush-placeholder-width: 1365px; --smush-placeholder-aspect-ratio: 1365\/1365;\" \/>\t<\/div>\n\t\t<\/div>\n\t\t<div class=\"qodef-m-content\">\n\t\t\t\t<h5 itemprop=\"name\" class=\"qodef-m-title\">\n\t\tBeatriz Mu\u00f1oz\t<\/h5>\n\t\t\t\t\t<p class=\"qodef-m-role\">Senior Architect<\/p>\n\t\t\t\t<div class=\"qodef-m-social-icons\">\n\t\t\t\t\t\t<span class=\"qodef-e-social-icon\">\n\t\t\t\t\t\t\t\t\t<\/span>\n\t\t\t\t\t<\/div>\n\t\t<\/div>\n\t<\/div>\n<\/div>\n\t\t\t\t<\/div>\n\t\t\t\t<\/div>\n\t\t\t\t<div class=\"elementor-element elementor-element-8e161ca elementor-widget elementor-widget-qi_addons_for_elementor_team_member\" data-id=\"8e161ca\" data-element_type=\"widget\" data-e-type=\"widget\" data-widget_type=\"qi_addons_for_elementor_team_member.default\">\n\t\t\t\t<div class=\"elementor-widget-container\">\n\t\t\t\t\t<div class=\"qodef-shortcode qodef-m qodef-qi-team-member qodef-item-layout--info-below\">\n\t<div class=\"qodef-m-inner\">\n\t\t<div class=\"qodef-m-image\">\n\t\t\t\t<div class=\"qodef-m-media-image\">\n\t\t<img decoding=\"async\" width=\"1313\" height=\"1313\" data-src=\"https:\/\/ivantorres.es\/wp-content\/uploads\/2026\/03\/ivan-torres-equipo-2026-5-2.jpg\" class=\"attachment-full size-full lazyload\" alt=\"\" data-srcset=\"https:\/\/ivantorres.es\/wp-content\/uploads\/2026\/03\/ivan-torres-equipo-2026-5-2.jpg 1313w, https:\/\/ivantorres.es\/wp-content\/uploads\/2026\/03\/ivan-torres-equipo-2026-5-2-300x300.jpg 300w, https:\/\/ivantorres.es\/wp-content\/uploads\/2026\/03\/ivan-torres-equipo-2026-5-2-1024x1024.jpg 1024w, https:\/\/ivantorres.es\/wp-content\/uploads\/2026\/03\/ivan-torres-equipo-2026-5-2-150x150.jpg 150w, https:\/\/ivantorres.es\/wp-content\/uploads\/2026\/03\/ivan-torres-equipo-2026-5-2-768x768.jpg 768w, https:\/\/ivantorres.es\/wp-content\/uploads\/2026\/03\/ivan-torres-equipo-2026-5-2-12x12.jpg 12w, https:\/\/ivantorres.es\/wp-content\/uploads\/2026\/03\/ivan-torres-equipo-2026-5-2-650x650.jpg 650w, https:\/\/ivantorres.es\/wp-content\/uploads\/2026\/03\/ivan-torres-equipo-2026-5-2-1300x1300.jpg 1300w\" data-sizes=\"(max-width: 1313px) 100vw, 1313px\" src=\"data:image\/svg+xml;base64,PHN2ZyB3aWR0aD0iMSIgaGVpZ2h0PSIxIiB4bWxucz0iaHR0cDovL3d3dy53My5vcmcvMjAwMC9zdmciPjwvc3ZnPg==\" style=\"--smush-placeholder-width: 1313px; --smush-placeholder-aspect-ratio: 1313\/1313;\" \/>\t<\/div>\n\t\t<\/div>\n\t\t<div class=\"qodef-m-content\">\n\t\t\t\t<h5 itemprop=\"name\" class=\"qodef-m-title\">\n\t\tJoan Tejedor\t<\/h5>\n\t\t\t\t\t<p class=\"qodef-m-role\">Arquitecto<\/p>\n\t\t\t\t<div class=\"qodef-m-social-icons\">\n\t\t\t\t\t\t<span class=\"qodef-e-social-icon\">\n\t\t\t\t\t\t\t\t\t<\/span>\n\t\t\t\t\t<\/div>\n\t\t<\/div>\n\t<\/div>\n<\/div>\n\t\t\t\t<\/div>\n\t\t\t\t<\/div>\n\t\t\t\t<div class=\"elementor-element elementor-element-b72fe36 elementor-widget elementor-widget-qi_addons_for_elementor_team_member\" data-id=\"b72fe36\" data-element_type=\"widget\" data-e-type=\"widget\" data-widget_type=\"qi_addons_for_elementor_team_member.default\">\n\t\t\t\t<div class=\"elementor-widget-container\">\n\t\t\t\t\t<div class=\"qodef-shortcode qodef-m qodef-qi-team-member qodef-item-layout--info-below\">\n\t<div class=\"qodef-m-inner\">\n\t\t<div class=\"qodef-m-image\">\n\t\t\t\t<div class=\"qodef-m-media-image\">\n\t\t<img decoding=\"async\" width=\"1199\" height=\"1199\" data-src=\"https:\/\/ivantorres.es\/wp-content\/uploads\/2026\/03\/ivan-torres-equipo-2026-8-1.jpg\" class=\"attachment-full size-full lazyload\" alt=\"\" data-srcset=\"https:\/\/ivantorres.es\/wp-content\/uploads\/2026\/03\/ivan-torres-equipo-2026-8-1.jpg 1199w, https:\/\/ivantorres.es\/wp-content\/uploads\/2026\/03\/ivan-torres-equipo-2026-8-1-300x300.jpg 300w, https:\/\/ivantorres.es\/wp-content\/uploads\/2026\/03\/ivan-torres-equipo-2026-8-1-1024x1024.jpg 1024w, https:\/\/ivantorres.es\/wp-content\/uploads\/2026\/03\/ivan-torres-equipo-2026-8-1-150x150.jpg 150w, https:\/\/ivantorres.es\/wp-content\/uploads\/2026\/03\/ivan-torres-equipo-2026-8-1-768x768.jpg 768w, https:\/\/ivantorres.es\/wp-content\/uploads\/2026\/03\/ivan-torres-equipo-2026-8-1-12x12.jpg 12w, https:\/\/ivantorres.es\/wp-content\/uploads\/2026\/03\/ivan-torres-equipo-2026-8-1-650x650.jpg 650w\" data-sizes=\"(max-width: 1199px) 100vw, 1199px\" src=\"data:image\/svg+xml;base64,PHN2ZyB3aWR0aD0iMSIgaGVpZ2h0PSIxIiB4bWxucz0iaHR0cDovL3d3dy53My5vcmcvMjAwMC9zdmciPjwvc3ZnPg==\" style=\"--smush-placeholder-width: 1199px; --smush-placeholder-aspect-ratio: 1199\/1199;\" \/>\t<\/div>\n\t\t<\/div>\n\t\t<div class=\"qodef-m-content\">\n\t\t\t\t<h5 itemprop=\"name\" class=\"qodef-m-title\">\n\t\tRuben Garc\u00eda\t<\/h5>\n\t\t\t\t\t<p class=\"qodef-m-role\">Junior Architect<\/p>\n\t\t\t\t<div class=\"qodef-m-social-icons\">\n\t\t\t\t\t\t<span class=\"qodef-e-social-icon\">\n\t\t\t\t\t\t\t\t\t<\/span>\n\t\t\t\t\t<\/div>\n\t\t<\/div>\n\t<\/div>\n<\/div>\n\t\t\t\t<\/div>\n\t\t\t\t<\/div>\n\t\t\t\t<div class=\"elementor-element elementor-element-68a3397 elementor-widget elementor-widget-qi_addons_for_elementor_team_member\" data-id=\"68a3397\" data-element_type=\"widget\" data-e-type=\"widget\" data-widget_type=\"qi_addons_for_elementor_team_member.default\">\n\t\t\t\t<div class=\"elementor-widget-container\">\n\t\t\t\t\t<div class=\"qodef-shortcode qodef-m qodef-qi-team-member qodef-item-layout--info-below\">\n\t<div class=\"qodef-m-inner\">\n\t\t<div class=\"qodef-m-image\">\n\t\t\t\t<div class=\"qodef-m-media-image\">\n\t\t<img decoding=\"async\" width=\"1248\" height=\"1248\" data-src=\"https:\/\/ivantorres.es\/wp-content\/uploads\/2026\/03\/ivan-torres-equipo-2026-12-1.jpg\" class=\"attachment-full size-full lazyload\" alt=\"\" data-srcset=\"https:\/\/ivantorres.es\/wp-content\/uploads\/2026\/03\/ivan-torres-equipo-2026-12-1.jpg 1248w, https:\/\/ivantorres.es\/wp-content\/uploads\/2026\/03\/ivan-torres-equipo-2026-12-1-300x300.jpg 300w, https:\/\/ivantorres.es\/wp-content\/uploads\/2026\/03\/ivan-torres-equipo-2026-12-1-1024x1024.jpg 1024w, https:\/\/ivantorres.es\/wp-content\/uploads\/2026\/03\/ivan-torres-equipo-2026-12-1-150x150.jpg 150w, https:\/\/ivantorres.es\/wp-content\/uploads\/2026\/03\/ivan-torres-equipo-2026-12-1-768x768.jpg 768w, https:\/\/ivantorres.es\/wp-content\/uploads\/2026\/03\/ivan-torres-equipo-2026-12-1-12x12.jpg 12w, https:\/\/ivantorres.es\/wp-content\/uploads\/2026\/03\/ivan-torres-equipo-2026-12-1-650x650.jpg 650w\" data-sizes=\"(max-width: 1248px) 100vw, 1248px\" src=\"data:image\/svg+xml;base64,PHN2ZyB3aWR0aD0iMSIgaGVpZ2h0PSIxIiB4bWxucz0iaHR0cDovL3d3dy53My5vcmcvMjAwMC9zdmciPjwvc3ZnPg==\" style=\"--smush-placeholder-width: 1248px; --smush-placeholder-aspect-ratio: 1248\/1248;\" \/>\t<\/div>\n\t\t<\/div>\n\t\t<div class=\"qodef-m-content\">\n\t\t\t\t<h5 itemprop=\"name\" class=\"qodef-m-title\">\n\t\tJuan Carlos Scandella\t<\/h5>\n\t\t\t\t\t<p class=\"qodef-m-role\">Arquitecto<\/p>\n\t\t\t\t<div class=\"qodef-m-social-icons\">\n\t\t\t\t\t\t<span class=\"qodef-e-social-icon\">\n\t\t\t\t\t\t\t\t\t<\/span>\n\t\t\t\t\t<\/div>\n\t\t<\/div>\n\t<\/div>\n<\/div>\n\t\t\t\t<\/div>\n\t\t\t\t<\/div>\n\t\t\t\t<div class=\"elementor-element elementor-element-783e856 elementor-widget elementor-widget-qi_addons_for_elementor_team_member\" data-id=\"783e856\" data-element_type=\"widget\" data-e-type=\"widget\" data-widget_type=\"qi_addons_for_elementor_team_member.default\">\n\t\t\t\t<div class=\"elementor-widget-container\">\n\t\t\t\t\t<div class=\"qodef-shortcode qodef-m qodef-qi-team-member qodef-item-layout--info-below\">\n\t<div class=\"qodef-m-inner\">\n\t\t<div class=\"qodef-m-image\">\n\t\t\t\t<div class=\"qodef-m-media-image\">\n\t\t<img decoding=\"async\" width=\"1297\" height=\"1297\" data-src=\"https:\/\/ivantorres.es\/wp-content\/uploads\/2026\/03\/ivan-torres-equipo-55.jpg\" class=\"attachment-full size-full lazyload\" alt=\"\" data-srcset=\"https:\/\/ivantorres.es\/wp-content\/uploads\/2026\/03\/ivan-torres-equipo-55.jpg 1297w, https:\/\/ivantorres.es\/wp-content\/uploads\/2026\/03\/ivan-torres-equipo-55-300x300.jpg 300w, https:\/\/ivantorres.es\/wp-content\/uploads\/2026\/03\/ivan-torres-equipo-55-1024x1024.jpg 1024w, https:\/\/ivantorres.es\/wp-content\/uploads\/2026\/03\/ivan-torres-equipo-55-150x150.jpg 150w, https:\/\/ivantorres.es\/wp-content\/uploads\/2026\/03\/ivan-torres-equipo-55-768x768.jpg 768w, https:\/\/ivantorres.es\/wp-content\/uploads\/2026\/03\/ivan-torres-equipo-55-12x12.jpg 12w, https:\/\/ivantorres.es\/wp-content\/uploads\/2026\/03\/ivan-torres-equipo-55-650x650.jpg 650w\" data-sizes=\"(max-width: 1297px) 100vw, 1297px\" src=\"data:image\/svg+xml;base64,PHN2ZyB3aWR0aD0iMSIgaGVpZ2h0PSIxIiB4bWxucz0iaHR0cDovL3d3dy53My5vcmcvMjAwMC9zdmciPjwvc3ZnPg==\" style=\"--smush-placeholder-width: 1297px; --smush-placeholder-aspect-ratio: 1297\/1297;\" \/>\t<\/div>\n\t\t<\/div>\n\t\t<div class=\"qodef-m-content\">\n\t\t\t\t<h5 itemprop=\"name\" class=\"qodef-m-title\">\n\t\tMar\u00eda Loayza\t<\/h5>\n\t\t\t\t\t<p class=\"qodef-m-role\">Arquitecta Junior<\/p>\n\t\t\t\t<div class=\"qodef-m-social-icons\">\n\t\t\t\t\t\t<span class=\"qodef-e-social-icon\">\n\t\t\t\t\t\t\t\t\t<\/span>\n\t\t\t\t\t<\/div>\n\t\t<\/div>\n\t<\/div>\n<\/div>\n\t\t\t\t<\/div>\n\t\t\t\t<\/div>\n\t\t\t\t<div class=\"elementor-element elementor-element-bbc11e1 elementor-widget elementor-widget-qi_addons_for_elementor_team_member\" data-id=\"bbc11e1\" data-element_type=\"widget\" data-e-type=\"widget\" data-widget_type=\"qi_addons_for_elementor_team_member.default\">\n\t\t\t\t<div class=\"elementor-widget-container\">\n\t\t\t\t\t<div class=\"qodef-shortcode qodef-m qodef-qi-team-member qodef-item-layout--info-below\">\n\t<div class=\"qodef-m-inner\">\n\t\t<div class=\"qodef-m-image\">\n\t\t\t\t<div class=\"qodef-m-media-image\">\n\t\t<img decoding=\"async\" width=\"1100\" height=\"1100\" data-src=\"https:\/\/ivantorres.es\/wp-content\/uploads\/2025\/04\/ivan-torres-equipo-40.jpg\" class=\"attachment-full size-full lazyload\" alt=\"\" data-srcset=\"https:\/\/ivantorres.es\/wp-content\/uploads\/2025\/04\/ivan-torres-equipo-40.jpg 1100w, https:\/\/ivantorres.es\/wp-content\/uploads\/2025\/04\/ivan-torres-equipo-40-300x300.jpg 300w, https:\/\/ivantorres.es\/wp-content\/uploads\/2025\/04\/ivan-torres-equipo-40-1024x1024.jpg 1024w, https:\/\/ivantorres.es\/wp-content\/uploads\/2025\/04\/ivan-torres-equipo-40-150x150.jpg 150w, https:\/\/ivantorres.es\/wp-content\/uploads\/2025\/04\/ivan-torres-equipo-40-768x768.jpg 768w, https:\/\/ivantorres.es\/wp-content\/uploads\/2025\/04\/ivan-torres-equipo-40-650x650.jpg 650w\" data-sizes=\"(max-width: 1100px) 100vw, 1100px\" src=\"data:image\/svg+xml;base64,PHN2ZyB3aWR0aD0iMSIgaGVpZ2h0PSIxIiB4bWxucz0iaHR0cDovL3d3dy53My5vcmcvMjAwMC9zdmciPjwvc3ZnPg==\" style=\"--smush-placeholder-width: 1100px; --smush-placeholder-aspect-ratio: 1100\/1100;\" \/>\t<\/div>\n\t\t<\/div>\n\t\t<div class=\"qodef-m-content\">\n\t\t\t\t<h5 itemprop=\"name\" class=\"qodef-m-title\">\n\t\tJose Arredondo\t<\/h5>\n\t\t\t\t\t<p class=\"qodef-m-role\">Junior Architect<\/p>\n\t\t\t\t<div class=\"qodef-m-social-icons\">\n\t\t\t\t\t\t<span class=\"qodef-e-social-icon\">\n\t\t\t\t\t\t\t\t\t<\/span>\n\t\t\t\t\t<\/div>\n\t\t<\/div>\n\t<\/div>\n<\/div>\n\t\t\t\t<\/div>\n\t\t\t\t<\/div>\n\t\t\t\t<div class=\"elementor-element elementor-element-64b4ddd elementor-widget elementor-widget-qi_addons_for_elementor_team_member\" data-id=\"64b4ddd\" data-element_type=\"widget\" data-e-type=\"widget\" data-widget_type=\"qi_addons_for_elementor_team_member.default\">\n\t\t\t\t<div class=\"elementor-widget-container\">\n\t\t\t\t\t<div class=\"qodef-shortcode qodef-m qodef-qi-team-member qodef-item-layout--info-below\">\n\t<div class=\"qodef-m-inner\">\n\t\t<div class=\"qodef-m-image\">\n\t\t\t\t<div class=\"qodef-m-media-image\">\n\t\t<img decoding=\"async\" width=\"1181\" height=\"1181\" data-src=\"https:\/\/ivantorres.es\/wp-content\/uploads\/2025\/04\/ivan-torres-equipo-5.jpg\" class=\"attachment-full size-full lazyload\" alt=\"\" data-srcset=\"https:\/\/ivantorres.es\/wp-content\/uploads\/2025\/04\/ivan-torres-equipo-5.jpg 1181w, https:\/\/ivantorres.es\/wp-content\/uploads\/2025\/04\/ivan-torres-equipo-5-300x300.jpg 300w, https:\/\/ivantorres.es\/wp-content\/uploads\/2025\/04\/ivan-torres-equipo-5-1024x1024.jpg 1024w, https:\/\/ivantorres.es\/wp-content\/uploads\/2025\/04\/ivan-torres-equipo-5-150x150.jpg 150w, https:\/\/ivantorres.es\/wp-content\/uploads\/2025\/04\/ivan-torres-equipo-5-768x768.jpg 768w, https:\/\/ivantorres.es\/wp-content\/uploads\/2025\/04\/ivan-torres-equipo-5-650x650.jpg 650w\" data-sizes=\"(max-width: 1181px) 100vw, 1181px\" src=\"data:image\/svg+xml;base64,PHN2ZyB3aWR0aD0iMSIgaGVpZ2h0PSIxIiB4bWxucz0iaHR0cDovL3d3dy53My5vcmcvMjAwMC9zdmciPjwvc3ZnPg==\" style=\"--smush-placeholder-width: 1181px; --smush-placeholder-aspect-ratio: 1181\/1181;\" \/>\t<\/div>\n\t\t<\/div>\n\t\t<div class=\"qodef-m-content\">\n\t\t\t\t<h5 itemprop=\"name\" class=\"qodef-m-title\">\n\t\tVer\u00f3nica Cruz\t<\/h5>\n\t\t\t\t\t<p class=\"qodef-m-role\">Administration<\/p>\n\t\t\t\t<div class=\"qodef-m-social-icons\">\n\t\t\t\t\t\t<span class=\"qodef-e-social-icon\">\n\t\t\t\t\t\t\t\t\t<\/span>\n\t\t\t\t\t<\/div>\n\t\t<\/div>\n\t<\/div>\n<\/div>\n\t\t\t\t<\/div>\n\t\t\t\t<\/div>\n\t\t\t\t<\/div>\n\t\t\t\t\t<\/div>\n\t\t\t\t<\/div>\n\t\t<div class=\"elementor-element elementor-element-88d5381 animated-slow e-flex e-con-boxed elementor-invisible e-con e-parent\" data-id=\"88d5381\" data-element_type=\"container\" data-e-type=\"container\" data-settings=\"{&quot;animation&quot;:&quot;h-neuron-animation--slideUp&quot;}\">\n\t\t\t\t\t<div class=\"e-con-inner\">\n\t\t\t\t<div class=\"elementor-element elementor-element-1772ffa elementor-invisible elementor-widget elementor-widget-heading\" data-id=\"1772ffa\" data-element_type=\"widget\" data-e-type=\"widget\" data-settings=\"{&quot;_animation&quot;:&quot;h-neuron-animation--slideUp&quot;}\" data-widget_type=\"heading.default\">\n\t\t\t\t<div class=\"elementor-widget-container\">\n\t\t\t\t\t<h4 class=\"elementor-heading-title elementor-size-default\">Press<\/h4>\t\t\t\t<\/div>\n\t\t\t\t<\/div>\n\t\t\t\t\t<\/div>\n\t\t\t\t<\/div>\n\t\t<div class=\"elementor-element elementor-element-b96081c press e-grid e-con-boxed e-con e-parent\" data-id=\"b96081c\" data-element_type=\"container\" data-e-type=\"container\">\n\t\t\t\t\t<div class=\"e-con-inner\">\n\t\t<div class=\"elementor-element elementor-element-f4fa5a9 e-con-full e-flex e-con e-child\" data-id=\"f4fa5a9\" data-element_type=\"container\" data-e-type=\"container\">\n\t\t\t\t<div class=\"elementor-element elementor-element-a980327 elementor-widget elementor-widget-heading\" data-id=\"a980327\" data-element_type=\"widget\" data-e-type=\"widget\" data-widget_type=\"heading.default\">\n\t\t\t\t<div class=\"elementor-widget-container\">\n\t\t\t\t\t<h6 class=\"elementor-heading-title elementor-size-default\"><a href=\"https:\/\/www.diariodeibiza.es\/ibiza\/2013\/06\/07\/anos-hemos-pronunciado-temas-importantes-30650200.html\">Domus Nova<\/a><\/h6>\t\t\t\t<\/div>\n\t\t\t\t<\/div>\n\t\t\t\t<div class=\"elementor-element elementor-element-7c7bfe4 elementor-widget elementor-widget-heading\" data-id=\"7c7bfe4\" data-element_type=\"widget\" data-e-type=\"widget\" data-widget_type=\"heading.default\">\n\t\t\t\t<div class=\"elementor-widget-container\">\n\t\t\t\t\t<h6 class=\"elementor-heading-title elementor-size-default\"><a href=\"https:\/\/www.diariodeibiza.es\/ibiza\/2013\/06\/07\/anos-hemos-pronunciado-temas-importantes-30650200.html\">7 Dic 2025<\/a><\/h6>\t\t\t\t<\/div>\n\t\t\t\t<\/div>\n\t\t\t\t<div class=\"elementor-element elementor-element-f1baa44 elementor-widget elementor-widget-heading\" data-id=\"f1baa44\" data-element_type=\"widget\" data-e-type=\"widget\" data-widget_type=\"heading.default\">\n\t\t\t\t<div class=\"elementor-widget-container\">\n\t\t\t\t\t<h5 class=\"elementor-heading-title elementor-size-default\"><a href=\"https:\/\/domusnova.com\/journal\/a-matter-of-context-at-can-olivar\/\">\u00abA matter of context at Can Olivar\u00bb<\/a><\/h5>\t\t\t\t<\/div>\n\t\t\t\t<\/div>\n\t\t\t\t<\/div>\n\t\t<div class=\"elementor-element elementor-element-4575a40 e-con-full e-flex e-con e-child\" data-id=\"4575a40\" data-element_type=\"container\" data-e-type=\"container\">\n\t\t\t\t<div class=\"elementor-element elementor-element-95b5216 elementor-widget elementor-widget-heading\" data-id=\"95b5216\" data-element_type=\"widget\" data-e-type=\"widget\" data-widget_type=\"heading.default\">\n\t\t\t\t<div class=\"elementor-widget-container\">\n\t\t\t\t\t<h6 class=\"elementor-heading-title elementor-size-default\"><a href=\"https:\/\/www.diariodeibiza.es\/empresas-en-ibiza\/2024\/11\/22\/descubre-novedades-sector-construccion-ibiza-111581449.html\">Diario de Ibiza<\/a><\/h6>\t\t\t\t<\/div>\n\t\t\t\t<\/div>\n\t\t\t\t<div class=\"elementor-element elementor-element-63ed7e4 elementor-widget elementor-widget-heading\" data-id=\"63ed7e4\" data-element_type=\"widget\" data-e-type=\"widget\" data-widget_type=\"heading.default\">\n\t\t\t\t<div class=\"elementor-widget-container\">\n\t\t\t\t\t<h6 class=\"elementor-heading-title elementor-size-default\"><a href=\"https:\/\/www.diariodeibiza.es\/empresas-en-ibiza\/2024\/11\/22\/descubre-novedades-sector-construccion-ibiza-111581449.html\">November 22, 2024<\/a><\/h6>\t\t\t\t<\/div>\n\t\t\t\t<\/div>\n\t\t\t\t<div class=\"elementor-element elementor-element-112444e elementor-widget elementor-widget-heading\" data-id=\"112444e\" data-element_type=\"widget\" data-e-type=\"widget\" data-widget_type=\"heading.default\">\n\t\t\t\t<div class=\"elementor-widget-container\">\n\t\t\t\t\t<h5 class=\"elementor-heading-title elementor-size-default\"><a href=\"https:\/\/www.diariodeibiza.es\/empresas-en-ibiza\/2024\/11\/22\/descubre-novedades-sector-construccion-ibiza-111581449.html\">Discover all the latest developments in the construction sector at the Ibiza Home Meeting.<\/a><\/h5>\t\t\t\t<\/div>\n\t\t\t\t<\/div>\n\t\t\t\t<\/div>\n\t\t<div class=\"elementor-element elementor-element-aace8a9 e-con-full e-flex e-con e-child\" data-id=\"aace8a9\" data-element_type=\"container\" data-e-type=\"container\">\n\t\t\t\t<div class=\"elementor-element elementor-element-3c773cd elementor-widget elementor-widget-heading\" data-id=\"3c773cd\" data-element_type=\"widget\" data-e-type=\"widget\" data-widget_type=\"heading.default\">\n\t\t\t\t<div class=\"elementor-widget-container\">\n\t\t\t\t\t<h6 class=\"elementor-heading-title elementor-size-default\"><a href=\"https:\/\/tectonica.archi\/articles\/premios-arquitectura-de-ibiza-y-formentera-2016-2021\/\">Tect\u00f3nica<\/a><\/h6>\t\t\t\t<\/div>\n\t\t\t\t<\/div>\n\t\t\t\t<div class=\"elementor-element elementor-element-9ea58f5 elementor-widget elementor-widget-heading\" data-id=\"9ea58f5\" data-element_type=\"widget\" data-e-type=\"widget\" data-widget_type=\"heading.default\">\n\t\t\t\t<div class=\"elementor-widget-container\">\n\t\t\t\t\t<h6 class=\"elementor-heading-title elementor-size-default\"><a href=\"https:\/\/tectonica.archi\/articles\/premios-arquitectura-de-ibiza-y-formentera-2016-2021\/\">June 9, 2022<\/a><\/h6>\t\t\t\t<\/div>\n\t\t\t\t<\/div>\n\t\t\t\t<div class=\"elementor-element elementor-element-8af1a6a elementor-widget elementor-widget-heading\" data-id=\"8af1a6a\" data-element_type=\"widget\" data-e-type=\"widget\" data-widget_type=\"heading.default\">\n\t\t\t\t<div class=\"elementor-widget-container\">\n\t\t\t\t\t<h5 class=\"elementor-heading-title elementor-size-default\"><a href=\"https:\/\/tectonica.archi\/articles\/premios-arquitectura-de-ibiza-y-formentera-2016-2021\/\">Ibiza and Formentera Architecture Awards 2016-2021<\/a><\/h5>\t\t\t\t<\/div>\n\t\t\t\t<\/div>\n\t\t\t\t<\/div>\n\t\t<div class=\"elementor-element elementor-element-15ae1bc e-con-full e-flex e-con e-child\" data-id=\"15ae1bc\" data-element_type=\"container\" data-e-type=\"container\">\n\t\t\t\t<div class=\"elementor-element elementor-element-aa9d098 elementor-widget elementor-widget-heading\" data-id=\"aa9d098\" data-element_type=\"widget\" data-e-type=\"widget\" data-widget_type=\"heading.default\">\n\t\t\t\t<div class=\"elementor-widget-container\">\n\t\t\t\t\t<h6 class=\"elementor-heading-title elementor-size-default\"><a href=\"https:\/\/www.periodicodeibiza.es\/pitiusas\/ibiza\/2021\/04\/04\/1252263\/seria-deseable-tener-unico-plan-urbanismo-para-toda-isla.html\">Peri\u00f3dico de Ibiza\u200b<\/a><\/h6>\t\t\t\t<\/div>\n\t\t\t\t<\/div>\n\t\t\t\t<div class=\"elementor-element elementor-element-29a6c3b elementor-widget elementor-widget-heading\" data-id=\"29a6c3b\" data-element_type=\"widget\" data-e-type=\"widget\" data-widget_type=\"heading.default\">\n\t\t\t\t<div class=\"elementor-widget-container\">\n\t\t\t\t\t<h6 class=\"elementor-heading-title elementor-size-default\"><a href=\"https:\/\/www.periodicodeibiza.es\/pitiusas\/ibiza\/2021\/04\/04\/1252263\/seria-deseable-tener-unico-plan-urbanismo-para-toda-isla.html\">April 4, 2021<\/a><\/h6>\t\t\t\t<\/div>\n\t\t\t\t<\/div>\n\t\t\t\t<div class=\"elementor-element elementor-element-e65758c elementor-widget elementor-widget-heading\" data-id=\"e65758c\" data-element_type=\"widget\" data-e-type=\"widget\" data-widget_type=\"heading.default\">\n\t\t\t\t<div class=\"elementor-widget-container\">\n\t\t\t\t\t<h5 class=\"elementor-heading-title elementor-size-default\"><a href=\"https:\/\/www.periodicodeibiza.es\/pitiusas\/ibiza\/2021\/04\/04\/1252263\/seria-deseable-tener-unico-plan-urbanismo-para-toda-isla.html\">\"It would be desirable to have a single urban development plan for the entire island.\"<\/a><\/h5>\t\t\t\t<\/div>\n\t\t\t\t<\/div>\n\t\t\t\t<\/div>\n\t\t<div class=\"elementor-element elementor-element-df6e112 e-con-full e-flex e-con e-child\" data-id=\"df6e112\" data-element_type=\"container\" data-e-type=\"container\">\n\t\t\t\t<div class=\"elementor-element elementor-element-d655551 elementor-widget elementor-widget-heading\" data-id=\"d655551\" data-element_type=\"widget\" data-e-type=\"widget\" data-widget_type=\"heading.default\">\n\t\t\t\t<div class=\"elementor-widget-container\">\n\t\t\t\t\t<h6 class=\"elementor-heading-title elementor-size-default\"><a href=\"https:\/\/www.diariodeibiza.es\/suplementos-especiales\/2020\/10\/25\/anos-80-creaba-vivienda-ahora-29491515.html\">Diario de Ibiza<\/a><\/h6>\t\t\t\t<\/div>\n\t\t\t\t<\/div>\n\t\t\t\t<div class=\"elementor-element elementor-element-cdab385 elementor-widget elementor-widget-heading\" data-id=\"cdab385\" data-element_type=\"widget\" data-e-type=\"widget\" data-widget_type=\"heading.default\">\n\t\t\t\t<div class=\"elementor-widget-container\">\n\t\t\t\t\t<h6 class=\"elementor-heading-title elementor-size-default\"><a href=\"https:\/\/www.diariodeibiza.es\/suplementos-especiales\/2020\/10\/25\/anos-80-creaba-vivienda-ahora-29491515.html\">October 25, 2020<\/a><\/h6>\t\t\t\t<\/div>\n\t\t\t\t<\/div>\n\t\t\t\t<div class=\"elementor-element elementor-element-1cd01f3 elementor-widget elementor-widget-heading\" data-id=\"1cd01f3\" data-element_type=\"widget\" data-e-type=\"widget\" data-widget_type=\"heading.default\">\n\t\t\t\t<div class=\"elementor-widget-container\">\n\t\t\t\t\t<h5 class=\"elementor-heading-title elementor-size-default\"><a href=\"https:\/\/www.diariodeibiza.es\/suplementos-especiales\/2020\/10\/25\/anos-80-creaba-vivienda-ahora-29491515.html\">\"More housing was built in the 1980s than now.\"<\/a><\/h5>\t\t\t\t<\/div>\n\t\t\t\t<\/div>\n\t\t\t\t<\/div>\n\t\t<div class=\"elementor-element elementor-element-0573f6e e-con-full e-flex e-con e-child\" data-id=\"0573f6e\" data-element_type=\"container\" data-e-type=\"container\">\n\t\t\t\t<div class=\"elementor-element elementor-element-8b52db4 elementor-widget elementor-widget-heading\" data-id=\"8b52db4\" data-element_type=\"widget\" data-e-type=\"widget\" data-widget_type=\"heading.default\">\n\t\t\t\t<div class=\"elementor-widget-container\">\n\t\t\t\t\t<h6 class=\"elementor-heading-title elementor-size-default\"><a href=\"https:\/\/www.diariodelanzarote.com\/noticia\/va-libre-para-el-parque-urbano-de-playa-honda\">Diario de Lanzarote<\/a><\/h6>\t\t\t\t<\/div>\n\t\t\t\t<\/div>\n\t\t\t\t<div class=\"elementor-element elementor-element-5665036 elementor-widget elementor-widget-heading\" data-id=\"5665036\" data-element_type=\"widget\" data-e-type=\"widget\" data-widget_type=\"heading.default\">\n\t\t\t\t<div class=\"elementor-widget-container\">\n\t\t\t\t\t<h6 class=\"elementor-heading-title elementor-size-default\"><a href=\"https:\/\/www.diariodelanzarote.com\/noticia\/va-libre-para-el-parque-urbano-de-playa-honda\">October 9, 2020<\/a><\/h6>\t\t\t\t<\/div>\n\t\t\t\t<\/div>\n\t\t\t\t<div class=\"elementor-element elementor-element-521e22b elementor-widget elementor-widget-heading\" data-id=\"521e22b\" data-element_type=\"widget\" data-e-type=\"widget\" data-widget_type=\"heading.default\">\n\t\t\t\t<div class=\"elementor-widget-container\">\n\t\t\t\t\t<h5 class=\"elementor-heading-title elementor-size-default\"><a href=\"https:\/\/www.diariodelanzarote.com\/noticia\/va-libre-para-el-parque-urbano-de-playa-honda\">Green light for the Playa Honda urban park<\/a><\/h5>\t\t\t\t<\/div>\n\t\t\t\t<\/div>\n\t\t\t\t<\/div>\n\t\t<div class=\"elementor-element elementor-element-d89c7a3 e-con-full e-flex e-con e-child\" data-id=\"d89c7a3\" data-element_type=\"container\" data-e-type=\"container\">\n\t\t\t\t<div class=\"elementor-element elementor-element-7fb701b elementor-widget elementor-widget-heading\" data-id=\"7fb701b\" data-element_type=\"widget\" data-e-type=\"widget\" data-widget_type=\"heading.default\">\n\t\t\t\t<div class=\"elementor-widget-container\">\n\t\t\t\t\t<h6 class=\"elementor-heading-title elementor-size-default\"><a href=\"https:\/\/www.lavozdelanzarote.com\/actualidad\/politica\/san-bartolome-da-luz-verde-proyecto-parque-urbano-playa-honda_201627_102.html\">La voz de Lanzarote<\/a><\/h6>\t\t\t\t<\/div>\n\t\t\t\t<\/div>\n\t\t\t\t<div class=\"elementor-element elementor-element-d23b8a1 elementor-widget elementor-widget-heading\" data-id=\"d23b8a1\" data-element_type=\"widget\" data-e-type=\"widget\" data-widget_type=\"heading.default\">\n\t\t\t\t<div class=\"elementor-widget-container\">\n\t\t\t\t\t<h6 class=\"elementor-heading-title elementor-size-default\"><a href=\"https:\/\/www.lavozdelanzarote.com\/actualidad\/politica\/san-bartolome-da-luz-verde-proyecto-parque-urbano-playa-honda_201627_102.html\">October 10, 2020<\/a><\/h6>\t\t\t\t<\/div>\n\t\t\t\t<\/div>\n\t\t\t\t<div class=\"elementor-element elementor-element-5d9517d elementor-widget elementor-widget-heading\" data-id=\"5d9517d\" data-element_type=\"widget\" data-e-type=\"widget\" data-widget_type=\"heading.default\">\n\t\t\t\t<div class=\"elementor-widget-container\">\n\t\t\t\t\t<h5 class=\"elementor-heading-title elementor-size-default\"><a href=\"https:\/\/www.lavozdelanzarote.com\/actualidad\/politica\/san-bartolome-da-luz-verde-proyecto-parque-urbano-playa-honda_201627_102.html\">San Bartolom\u00e9 gives the green light to the Playa Honda Urban Park project<\/a><\/h5>\t\t\t\t<\/div>\n\t\t\t\t<\/div>\n\t\t\t\t<\/div>\n\t\t<div class=\"elementor-element elementor-element-643c3b8 e-con-full e-flex e-con e-child\" data-id=\"643c3b8\" data-element_type=\"container\" data-e-type=\"container\">\n\t\t\t\t<div class=\"elementor-element elementor-element-091bc12 elementor-widget elementor-widget-heading\" data-id=\"091bc12\" data-element_type=\"widget\" data-e-type=\"widget\" data-widget_type=\"heading.default\">\n\t\t\t\t<div class=\"elementor-widget-container\">\n\t\t\t\t\t<h6 class=\"elementor-heading-title elementor-size-default\"><a href=\"https:\/\/www.diariodeibiza.es\/ibiza\/2018\/04\/19\/arquitectos-reclaman-proteger-patrimonio-contemporaneo-29948005.html\">Diario de Ibiza<\/a><\/h6>\t\t\t\t<\/div>\n\t\t\t\t<\/div>\n\t\t\t\t<div class=\"elementor-element elementor-element-a4a1742 elementor-widget elementor-widget-heading\" data-id=\"a4a1742\" data-element_type=\"widget\" data-e-type=\"widget\" data-widget_type=\"heading.default\">\n\t\t\t\t<div class=\"elementor-widget-container\">\n\t\t\t\t\t<h6 class=\"elementor-heading-title elementor-size-default\"><a href=\"https:\/\/www.diariodeibiza.es\/ibiza\/2018\/04\/19\/arquitectos-reclaman-proteger-patrimonio-contemporaneo-29948005.html\">April 19, 2018<\/a><\/h6>\t\t\t\t<\/div>\n\t\t\t\t<\/div>\n\t\t\t\t<div class=\"elementor-element elementor-element-df3f373 elementor-widget elementor-widget-heading\" data-id=\"df3f373\" data-element_type=\"widget\" data-e-type=\"widget\" data-widget_type=\"heading.default\">\n\t\t\t\t<div class=\"elementor-widget-container\">\n\t\t\t\t\t<h5 class=\"elementor-heading-title elementor-size-default\"><a href=\"https:\/\/www.diariodeibiza.es\/ibiza\/2018\/04\/19\/arquitectos-reclaman-proteger-patrimonio-contemporaneo-29948005.html\">Architects call for the protection of contemporary heritage<\/a><\/h5>\t\t\t\t<\/div>\n\t\t\t\t<\/div>\n\t\t\t\t<\/div>\n\t\t<div class=\"elementor-element elementor-element-436af45 e-flex e-con-boxed e-con e-child\" data-id=\"436af45\" data-element_type=\"container\" data-e-type=\"container\">\n\t\t\t\t\t<div class=\"e-con-inner\">\n\t\t\t\t<div class=\"elementor-element elementor-element-2b5bf44 elementor-widget elementor-widget-heading\" data-id=\"2b5bf44\" data-element_type=\"widget\" data-e-type=\"widget\" data-widget_type=\"heading.default\">\n\t\t\t\t<div class=\"elementor-widget-container\">\n\t\t\t\t\t<h6 class=\"elementor-heading-title elementor-size-default\"><a href=\"https:\/\/www.diariodelanzarote.com\/noticia\/elegido-el-proyecto-del-futuro-parque-urbano-de-50000-metros-en-playa-honda\">Diario de Lanzarote<\/a><\/h6>\t\t\t\t<\/div>\n\t\t\t\t<\/div>\n\t\t\t\t<div class=\"elementor-element elementor-element-5c4aa9b elementor-widget elementor-widget-heading\" data-id=\"5c4aa9b\" data-element_type=\"widget\" data-e-type=\"widget\" data-widget_type=\"heading.default\">\n\t\t\t\t<div class=\"elementor-widget-container\">\n\t\t\t\t\t<h6 class=\"elementor-heading-title elementor-size-default\"><a href=\"https:\/\/www.diariodelanzarote.com\/noticia\/elegido-el-proyecto-del-futuro-parque-urbano-de-50000-metros-en-playa-honda\">July 1, 2017<\/a><\/h6>\t\t\t\t<\/div>\n\t\t\t\t<\/div>\n\t\t\t\t<div class=\"elementor-element elementor-element-4cc640a elementor-widget elementor-widget-heading\" data-id=\"4cc640a\" data-element_type=\"widget\" data-e-type=\"widget\" data-widget_type=\"heading.default\">\n\t\t\t\t<div class=\"elementor-widget-container\">\n\t\t\t\t\t<h5 class=\"elementor-heading-title elementor-size-default\"><a href=\"https:\/\/www.diariodelanzarote.com\/noticia\/elegido-el-proyecto-del-futuro-parque-urbano-de-50000-metros-en-playa-honda\">The project for the future 50,000-square-meter urban park in Playa Honda has been selected.<\/a><\/h5>\t\t\t\t<\/div>\n\t\t\t\t<\/div>\n\t\t\t\t\t<\/div>\n\t\t\t\t<\/div>\n\t\t<div class=\"elementor-element elementor-element-2930ca0 e-con-full e-flex e-con e-child\" data-id=\"2930ca0\" data-element_type=\"container\" data-e-type=\"container\">\n\t\t\t\t<div class=\"elementor-element elementor-element-ce43018 elementor-widget elementor-widget-heading\" data-id=\"ce43018\" data-element_type=\"widget\" data-e-type=\"widget\" data-widget_type=\"heading.default\">\n\t\t\t\t<div class=\"elementor-widget-container\">\n\t\t\t\t\t<h6 class=\"elementor-heading-title elementor-size-default\"><a href=\"https:\/\/www.laprovincia.es\/lanzarote\/2017\/07\/02\/futuro-parque-playa-honda-tendra-9675044.html\">La Provincia<\/a><\/h6>\t\t\t\t<\/div>\n\t\t\t\t<\/div>\n\t\t\t\t<div class=\"elementor-element elementor-element-2984ef9 elementor-widget elementor-widget-heading\" data-id=\"2984ef9\" data-element_type=\"widget\" data-e-type=\"widget\" data-widget_type=\"heading.default\">\n\t\t\t\t<div class=\"elementor-widget-container\">\n\t\t\t\t\t<h6 class=\"elementor-heading-title elementor-size-default\"><a href=\"https:\/\/www.laprovincia.es\/lanzarote\/2017\/07\/02\/futuro-parque-playa-honda-tendra-9675044.html\">July 2, 2017<\/a><\/h6>\t\t\t\t<\/div>\n\t\t\t\t<\/div>\n\t\t\t\t<div class=\"elementor-element elementor-element-66d5422 elementor-widget elementor-widget-heading\" data-id=\"66d5422\" data-element_type=\"widget\" data-e-type=\"widget\" data-widget_type=\"heading.default\">\n\t\t\t\t<div class=\"elementor-widget-container\">\n\t\t\t\t\t<h5 class=\"elementor-heading-title elementor-size-default\"><a href=\"https:\/\/www.laprovincia.es\/lanzarote\/2017\/07\/02\/futuro-parque-playa-honda-tendra-9675044.html\">The future Playa Honda park will have a lake and a large plaza for events.<\/a><\/h5>\t\t\t\t<\/div>\n\t\t\t\t<\/div>\n\t\t\t\t<\/div>\n\t\t<div class=\"elementor-element elementor-element-5af9d15 e-con-full e-flex e-con e-child\" data-id=\"5af9d15\" data-element_type=\"container\" data-e-type=\"container\">\n\t\t\t\t<div class=\"elementor-element elementor-element-407062d elementor-widget elementor-widget-heading\" data-id=\"407062d\" data-element_type=\"widget\" data-e-type=\"widget\" data-widget_type=\"heading.default\">\n\t\t\t\t<div class=\"elementor-widget-container\">\n\t\t\t\t\t<h6 class=\"elementor-heading-title elementor-size-default\"><a href=\"https:\/\/www.diariodeibiza.es\/ibiza\/2017\/07\/03\/premio-proyecto-parque-lanzarote-ibicenco-30079080.html\">Diario de Ibiza<\/a><\/h6>\t\t\t\t<\/div>\n\t\t\t\t<\/div>\n\t\t\t\t<div class=\"elementor-element elementor-element-4b77bb4 elementor-widget elementor-widget-heading\" data-id=\"4b77bb4\" data-element_type=\"widget\" data-e-type=\"widget\" data-widget_type=\"heading.default\">\n\t\t\t\t<div class=\"elementor-widget-container\">\n\t\t\t\t\t<h6 class=\"elementor-heading-title elementor-size-default\"><a href=\"https:\/\/www.diariodeibiza.es\/ibiza\/2017\/07\/03\/premio-proyecto-parque-lanzarote-ibicenco-30079080.html\">July 3, 2017<\/a><\/h6>\t\t\t\t<\/div>\n\t\t\t\t<\/div>\n\t\t\t\t<div class=\"elementor-element elementor-element-10e18f8 elementor-widget elementor-widget-heading\" data-id=\"10e18f8\" data-element_type=\"widget\" data-e-type=\"widget\" data-widget_type=\"heading.default\">\n\t\t\t\t<div class=\"elementor-widget-container\">\n\t\t\t\t\t<h6 class=\"elementor-heading-title elementor-size-default\"><a href=\"https:\/\/www.diariodeibiza.es\/ibiza\/2017\/07\/03\/premio-proyecto-parque-lanzarote-ibicenco-30079080.html\">Award for the park project in Lanzarote by Ibizan Iv\u00e1n Torres<\/a><\/h6>\t\t\t\t<\/div>\n\t\t\t\t<\/div>\n\t\t\t\t<\/div>\n\t\t<div class=\"elementor-element elementor-element-0e8701c e-con-full e-flex e-con e-child\" data-id=\"0e8701c\" data-element_type=\"container\" data-e-type=\"container\">\n\t\t\t\t<div class=\"elementor-element elementor-element-423f175 elementor-widget elementor-widget-heading\" data-id=\"423f175\" data-element_type=\"widget\" data-e-type=\"widget\" data-widget_type=\"heading.default\">\n\t\t\t\t<div class=\"elementor-widget-container\">\n\t\t\t\t\t<h6 class=\"elementor-heading-title elementor-size-default\"><a href=\"https:\/\/www.cronicasdelanzarote.es\/articulo\/lanzarote\/san-bartolome-anuncia-parque-urbano-playa-honda-mas-cerca-ser-realidad\/20170701052711201624.html\">Cr\u00f3nicas de Lanzarote<\/a><\/h6>\t\t\t\t<\/div>\n\t\t\t\t<\/div>\n\t\t\t\t<div class=\"elementor-element elementor-element-ad3edba elementor-widget elementor-widget-heading\" data-id=\"ad3edba\" data-element_type=\"widget\" data-e-type=\"widget\" data-widget_type=\"heading.default\">\n\t\t\t\t<div class=\"elementor-widget-container\">\n\t\t\t\t\t<h6 class=\"elementor-heading-title elementor-size-default\"><a href=\"https:\/\/www.cronicasdelanzarote.es\/articulo\/lanzarote\/san-bartolome-anuncia-parque-urbano-playa-honda-mas-cerca-ser-realidad\/20170701052711201624.html\">July 1, 2017<\/a><\/h6>\t\t\t\t<\/div>\n\t\t\t\t<\/div>\n\t\t\t\t<div class=\"elementor-element elementor-element-7f84eb3 elementor-widget elementor-widget-heading\" data-id=\"7f84eb3\" data-element_type=\"widget\" data-e-type=\"widget\" data-widget_type=\"heading.default\">\n\t\t\t\t<div class=\"elementor-widget-container\">\n\t\t\t\t\t<h5 class=\"elementor-heading-title elementor-size-default\"><a href=\"https:\/\/www.cronicasdelanzarote.es\/articulo\/lanzarote\/san-bartolome-anuncia-parque-urbano-playa-honda-mas-cerca-ser-realidad\/20170701052711201624.html\">San Bartolom\u00e9 announces that the Playa Honda Urban Park is closer to becoming a reality.<\/a><\/h5>\t\t\t\t<\/div>\n\t\t\t\t<\/div>\n\t\t\t\t<\/div>\n\t\t<div class=\"elementor-element elementor-element-ab8d544 e-con-full e-flex e-con e-child\" data-id=\"ab8d544\" data-element_type=\"container\" data-e-type=\"container\">\n\t\t\t\t<div class=\"elementor-element elementor-element-0e5e13e elementor-widget elementor-widget-heading\" data-id=\"0e5e13e\" data-element_type=\"widget\" data-e-type=\"widget\" data-widget_type=\"heading.default\">\n\t\t\t\t<div class=\"elementor-widget-container\">\n\t\t\t\t\t<h6 class=\"elementor-heading-title elementor-size-default\"><a href=\"https:\/\/www.diariodelanzarote.com\/noticia\/san-bartolom-entrega-los-premios-del-proyecto-del-parque-urbano-de-playa-honda\">Diario de Lanzarote<\/a><\/h6>\t\t\t\t<\/div>\n\t\t\t\t<\/div>\n\t\t\t\t<div class=\"elementor-element elementor-element-317f268 elementor-widget elementor-widget-heading\" data-id=\"317f268\" data-element_type=\"widget\" data-e-type=\"widget\" data-widget_type=\"heading.default\">\n\t\t\t\t<div class=\"elementor-widget-container\">\n\t\t\t\t\t<h6 class=\"elementor-heading-title elementor-size-default\"><a href=\"https:\/\/www.diariodelanzarote.com\/noticia\/san-bartolom-entrega-los-premios-del-proyecto-del-parque-urbano-de-playa-honda\">October 19, 2017<\/a><\/h6>\t\t\t\t<\/div>\n\t\t\t\t<\/div>\n\t\t\t\t<div class=\"elementor-element elementor-element-4cbf4cc elementor-widget elementor-widget-heading\" data-id=\"4cbf4cc\" data-element_type=\"widget\" data-e-type=\"widget\" data-widget_type=\"heading.default\">\n\t\t\t\t<div class=\"elementor-widget-container\">\n\t\t\t\t\t<h5 class=\"elementor-heading-title elementor-size-default\"><a href=\"https:\/\/www.diariodelanzarote.com\/noticia\/san-bartolom-entrega-los-premios-del-proyecto-del-parque-urbano-de-playa-honda\">San Bartolom\u00e9 presents the awards for the Playa Honda urban park project<\/a><\/h5>\t\t\t\t<\/div>\n\t\t\t\t<\/div>\n\t\t\t\t<\/div>\n\t\t<div class=\"elementor-element elementor-element-249a635 e-con-full e-flex e-con e-child\" data-id=\"249a635\" data-element_type=\"container\" data-e-type=\"container\">\n\t\t\t\t<div class=\"elementor-element elementor-element-fb5d83b elementor-widget elementor-widget-heading\" data-id=\"fb5d83b\" data-element_type=\"widget\" data-e-type=\"widget\" data-widget_type=\"heading.default\">\n\t\t\t\t<div class=\"elementor-widget-container\">\n\t\t\t\t\t<h6 class=\"elementor-heading-title elementor-size-default\"><a href=\"https:\/\/www.periodicodeibiza.es\/pitiusas\/ibiza\/2015\/09\/20\/162057\/ivan-torres-principio-hara-edificio-martell-durante-este-invierno.html\">Peri\u00f3dico de Ibiza\u200b<\/a><\/h6>\t\t\t\t<\/div>\n\t\t\t\t<\/div>\n\t\t\t\t<div class=\"elementor-element elementor-element-3f190ef elementor-widget elementor-widget-heading\" data-id=\"3f190ef\" data-element_type=\"widget\" data-e-type=\"widget\" data-widget_type=\"heading.default\">\n\t\t\t\t<div class=\"elementor-widget-container\">\n\t\t\t\t\t<h6 class=\"elementor-heading-title elementor-size-default\"><a href=\"https:\/\/www.periodicodeibiza.es\/pitiusas\/ibiza\/2015\/09\/20\/162057\/ivan-torres-principio-hara-edificio-martell-durante-este-invierno.html\">September 20, 2015<\/a><\/h6>\t\t\t\t<\/div>\n\t\t\t\t<\/div>\n\t\t\t\t<div class=\"elementor-element elementor-element-ca45445 elementor-widget elementor-widget-heading\" data-id=\"ca45445\" data-element_type=\"widget\" data-e-type=\"widget\" data-widget_type=\"heading.default\">\n\t\t\t\t<div class=\"elementor-widget-container\">\n\t\t\t\t\t<h5 class=\"elementor-heading-title elementor-size-default\"><a href=\"https:\/\/www.periodicodeibiza.es\/pitiusas\/ibiza\/2015\/09\/20\/162057\/ivan-torres-principio-hara-edificio-martell-durante-este-invierno.html\">Iv\u00e1n Torres: \"In principle, the Es Martell building won't be built this winter.\"<\/a><\/h5>\t\t\t\t<\/div>\n\t\t\t\t<\/div>\n\t\t\t\t<\/div>\n\t\t<div class=\"elementor-element elementor-element-2678f46 e-con-full e-flex e-con e-child\" data-id=\"2678f46\" data-element_type=\"container\" data-e-type=\"container\">\n\t\t\t\t<div class=\"elementor-element elementor-element-597e69c elementor-widget elementor-widget-heading\" data-id=\"597e69c\" data-element_type=\"widget\" data-e-type=\"widget\" data-widget_type=\"heading.default\">\n\t\t\t\t<div class=\"elementor-widget-container\">\n\t\t\t\t\t<h6 class=\"elementor-heading-title elementor-size-default\"><a href=\"https:\/\/www.periodicodeibiza.es\/pitiusas\/ibiza\/2015\/04\/05\/148705\/ivan-torres-estudio-aureo-crean-farolas-eivissa-diseno-sostenibles.html\">Peri\u00f3dico de Ibiza<\/a><\/h6>\t\t\t\t<\/div>\n\t\t\t\t<\/div>\n\t\t\t\t<div class=\"elementor-element elementor-element-0b5788e elementor-widget elementor-widget-heading\" data-id=\"0b5788e\" data-element_type=\"widget\" data-e-type=\"widget\" data-widget_type=\"heading.default\">\n\t\t\t\t<div class=\"elementor-widget-container\">\n\t\t\t\t\t<h6 class=\"elementor-heading-title elementor-size-default\"><a href=\"https:\/\/www.periodicodeibiza.es\/pitiusas\/ibiza\/2015\/04\/05\/148705\/ivan-torres-estudio-aureo-crean-farolas-eivissa-diseno-sostenibles.html\">April 5, 2015<\/a><\/h6>\t\t\t\t<\/div>\n\t\t\t\t<\/div>\n\t\t\t\t<div class=\"elementor-element elementor-element-42cead5 elementor-widget elementor-widget-heading\" data-id=\"42cead5\" data-element_type=\"widget\" data-e-type=\"widget\" data-widget_type=\"heading.default\">\n\t\t\t\t<div class=\"elementor-widget-container\">\n\t\t\t\t\t<h5 class=\"elementor-heading-title elementor-size-default\"><a href=\"https:\/\/www.periodicodeibiza.es\/pitiusas\/ibiza\/2015\/04\/05\/148705\/ivan-torres-estudio-aureo-crean-farolas-eivissa-diseno-sostenibles.html\">Iv\u00e1n Torres and Estudio \u00c1ureo create the designer and sustainable Ibiza streetlights.<\/a><\/h5>\t\t\t\t<\/div>\n\t\t\t\t<\/div>\n\t\t\t\t<\/div>\n\t\t<div class=\"elementor-element elementor-element-671b9fc e-con-full e-flex e-con e-child\" data-id=\"671b9fc\" data-element_type=\"container\" data-e-type=\"container\">\n\t\t\t\t<div class=\"elementor-element elementor-element-e0f850a elementor-widget elementor-widget-heading\" data-id=\"e0f850a\" data-element_type=\"widget\" data-e-type=\"widget\" data-widget_type=\"heading.default\">\n\t\t\t\t<div class=\"elementor-widget-container\">\n\t\t\t\t\t<h6 class=\"elementor-heading-title elementor-size-default\"><a href=\"https:\/\/www.diariodeibiza.es\/ibiza\/2013\/06\/07\/anos-hemos-pronunciado-temas-importantes-30650200.html\">Diario de Ibiza<\/a><\/h6>\t\t\t\t<\/div>\n\t\t\t\t<\/div>\n\t\t\t\t<div class=\"elementor-element elementor-element-0491c99 elementor-widget elementor-widget-heading\" data-id=\"0491c99\" data-element_type=\"widget\" data-e-type=\"widget\" data-widget_type=\"heading.default\">\n\t\t\t\t<div class=\"elementor-widget-container\">\n\t\t\t\t\t<h6 class=\"elementor-heading-title elementor-size-default\"><a href=\"https:\/\/www.diariodeibiza.es\/ibiza\/2013\/06\/07\/anos-hemos-pronunciado-temas-importantes-30650200.html\">June 7, 2013<\/a><\/h6>\t\t\t\t<\/div>\n\t\t\t\t<\/div>\n\t\t\t\t<div class=\"elementor-element elementor-element-a5ad039 elementor-widget elementor-widget-heading\" data-id=\"a5ad039\" data-element_type=\"widget\" data-e-type=\"widget\" data-widget_type=\"heading.default\">\n\t\t\t\t<div class=\"elementor-widget-container\">\n\t\t\t\t\t<h5 class=\"elementor-heading-title elementor-size-default\"><a href=\"https:\/\/www.diariodeibiza.es\/ibiza\/2013\/06\/07\/anos-hemos-pronunciado-temas-importantes-30650200.html\">\"In these years, we haven't spoken out on important issues, and we should.\"<\/a><\/h5>\t\t\t\t<\/div>\n\t\t\t\t<\/div>\n\t\t\t\t<\/div>\n\t\t\t\t\t<\/div>\n\t\t\t\t<\/div>\n\t\t\t\t<\/div>","protected":false},"excerpt":{"rendered":"<p>Iv\u00e1n Torres Arquitectos es un estudio especializado en arquitectura contempor\u00e1nea en Ibiza, creando espacios exclusivos que integran dise\u00f1o, tecnolog\u00eda y sostenibilidad. Cada proyecto responde a las particularidades del entorno y a la visi\u00f3n de sus clientes, estableciendo un di\u00e1logo arm\u00f3nico entre interior y exterior. Con un enfoque en la excelencia y la innovaci\u00f3n, el estudio&#8230;<\/p>","protected":false},"author":1,"featured_media":0,"parent":0,"menu_order":0,"comment_status":"closed","ping_status":"closed","template":"","meta":{"footnotes":""},"class_list":["post-6333","page","type-page","status-publish","hentry"],"_links":{"self":[{"href":"https:\/\/ivantorres.es\/en\/wp-json\/wp\/v2\/pages\/6333","targetHints":{"allow":["GET"]}}],"collection":[{"href":"https:\/\/ivantorres.es\/en\/wp-json\/wp\/v2\/pages"}],"about":[{"href":"https:\/\/ivantorres.es\/en\/wp-json\/wp\/v2\/types\/page"}],"author":[{"embeddable":true,"href":"https:\/\/ivantorres.es\/en\/wp-json\/wp\/v2\/users\/1"}],"replies":[{"embeddable":true,"href":"https:\/\/ivantorres.es\/en\/wp-json\/wp\/v2\/comments?post=6333"}],"version-history":[{"count":202,"href":"https:\/\/ivantorres.es\/en\/wp-json\/wp\/v2\/pages\/6333\/revisions"}],"predecessor-version":[{"id":7989,"href":"https:\/\/ivantorres.es\/en\/wp-json\/wp\/v2\/pages\/6333\/revisions\/7989"}],"wp:attachment":[{"href":"https:\/\/ivantorres.es\/en\/wp-json\/wp\/v2\/media?parent=6333"}],"curies":[{"name":"wp","href":"https:\/\/api.w.org\/{rel}","templated":true}]}}